{"id":76,"date":"2014-08-18T23:12:26","date_gmt":"2014-08-18T22:12:26","guid":{"rendered":"http:\/\/www.gyaki.hu\/durer\/?page_id=76"},"modified":"2026-02-01T23:19:03","modified_gmt":"2026-02-01T22:19:03","slug":"dokumentumok","status":"publish","type":"page","link":"https:\/\/dureriskola.hu\/bay\/?page_id=76","title":{"rendered":"Int\u00e9zm\u00e9nyi dokumentumok"},"content":{"rendered":"<div class=\"fcbkbttn_buttons_block\" id=\"fcbkbttn_left\"><div class=\"fcbkbttn_button\">\n                            <a href=\"https:\/\/www.facebook.com\/\" target=\"_blank\">\n                                <img src=\"https:\/\/dureriskola.hu\/bay\/wp-content\/plugins\/facebook-button-plugin\/images\/standard-facebook-ico.png\" alt=\"Fb-Button\" \/>\n                            <\/a>\n                        <\/div><div class=\"fcbkbttn_like \"><fb:like href=\"https:\/\/dureriskola.hu\/bay\/?page_id=76\" action=\"like\" colorscheme=\"dark\" layout=\"standard\" show-faces='false' width=\"225px\" size=\"small\"><\/fb:like><\/div><\/div>\n<div class=\"wp-block-cover\" style=\"min-height:450px\"><span aria-hidden=\"true\" class=\"wp-block-cover__background has-background-dim\"><\/span><img decoding=\"async\" loading=\"lazy\" width=\"2560\" height=\"1707\" class=\"wp-block-cover__image-background wp-image-5987\" alt=\"\" src=\"http:\/\/dureriskola.hu\/bay\/wp-content\/uploads\/2024\/10\/5532808-scaled.jpg\" data-object-fit=\"cover\" srcset=\"https:\/\/dureriskola.hu\/bay\/wp-content\/uploads\/2024\/10\/5532808-scaled.jpg 2560w, https:\/\/dureriskola.hu\/bay\/wp-content\/uploads\/2024\/10\/5532808-300x200.jpg 300w, https:\/\/dureriskola.hu\/bay\/wp-content\/uploads\/2024\/10\/5532808-1024x683.jpg 1024w, https:\/\/dureriskola.hu\/bay\/wp-content\/uploads\/2024\/10\/5532808-768x512.jpg 768w, https:\/\/dureriskola.hu\/bay\/wp-content\/uploads\/2024\/10\/5532808-1536x1024.jpg 1536w, https:\/\/dureriskola.hu\/bay\/wp-content\/uploads\/2024\/10\/5532808-2048x1365.jpg 2048w\" sizes=\"(max-width: 2560px) 100vw, 2560px\" \/><div class=\"wp-block-cover__inner-container is-layout-flow wp-block-cover-is-layout-flow\">\n<div class=\"wp-block-group is-layout-constrained wp-block-group-is-layout-constrained\"><div class=\"wp-block-group__inner-container\">\n<div class=\"wp-block-columns is-layout-flex wp-container-5 wp-block-columns-is-layout-flex\">\n<div class=\"wp-block-column is-layout-flow wp-block-column-is-layout-flow\" style=\"flex-basis:100%\">\n<div class=\"wp-block-group is-layout-constrained wp-block-group-is-layout-constrained\"><div class=\"wp-block-group__inner-container\">\n<div class=\"wp-block-columns is-layout-flex wp-container-2 wp-block-columns-is-layout-flex\">\n<div class=\"wp-block-column is-layout-flow wp-block-column-is-layout-flow\" style=\"flex-basis:100%\">\n<figure class=\"wp-block-table aligncenter\"><table><tbody><tr><td class=\"has-text-align-center\" data-align=\"center\"><a href=\"https:\/\/dureriskola.hu\/bay\/wp-content\/uploads\/2024\/11\/helyi_tt_2024.pdf\">A Gyulai D\u00fcrer Albert \u00c1ltal\u00e1nos Iskola helyi tanterve 2025.<\/a><\/td><\/tr><tr><td class=\"has-text-align-center\" data-align=\"center\"><a href=\"https:\/\/dureriskola.hu\/durer\/doksik\/2026\/munkaterv_25_26.pdf\">Munkaterv 2025 &#8211; 2026<\/a><\/td><\/tr><tr><td class=\"has-text-align-center\" data-align=\"center\"><a href=\"https:\/\/dureriskola.hu\/durer\/doksik\/2026\/ped_program_25_26.pdf\">A Gyulai D\u00fcrer Albert \u00c1ltal\u00e1nos Iskola pedag\u00f3giai programja 2025<\/a><\/td><\/tr><tr><td class=\"has-text-align-center\" data-align=\"center\"><a href=\"https:\/\/dureriskola.hu\/durer\/doksik\/2026\/szmsz_25_26.pdf\">A Gyulai D\u00fcrer Albert \u00c1ltal\u00e1nos Iskola szervezeti \u00e9s m\u0171k\u00f6d\u00e9si szab\u00e1lyzata 2025<\/a><\/td><\/tr><tr><td class=\"has-text-align-center\" data-align=\"center\"><a href=\"http:\/\/dureriskola.hu\/bay\/wp-content\/uploads\/2026\/02\/kirinfo_202987_hazirend_20251021_1441.pdf\">H\u00e1zirend 2025-2026<\/a><br><a href=\"http:\/\/dureriskola.hu\/bay\/wp-content\/uploads\/2026\/02\/HAZIREND-kiegeszites-OKOISKOLA-palyazathoz.pdf\">H\u00e1zirend kieg\u00e9sz\u00edt\u00e9s: \u00d6koiskola program<\/a><\/td><\/tr><tr><td class=\"has-text-align-center\" data-align=\"center\"><a href=\"https:\/\/dureriskola.hu\/durer\/doksik\/2026\/kozlista_25_26.pdf\">K\u00f6zz\u00e9t\u00e9teli lista 2025 &#8211; 2026<\/a><\/td><\/tr><tr><td class=\"has-text-align-center\" data-align=\"center\"><a href=\"https:\/\/dureriskola.hu\/durer\/doksik\/2021\/intezmenyi_etkeztetes_eljarasrend_vegleges.pdf\">Int\u00e9zm\u00e9nyi \u00e9tkeztet\u00e9s elj\u00e1r\u00e1srend_V\u00c9GLEGES<\/a><\/td><\/tr><tr><td class=\"has-text-align-center\" data-align=\"center\"><a href=\"https:\/\/dureriskola.hu\/bay\/wp-content\/uploads\/2022\/09\/Di%C3%A1kigazolv%C3%A1ny-ig%C3%A9nyl%C3%A9se_t%C3%A1j%C3%A9koztat%C3%B3.pdf\">Di\u00e1kigazolv\u00e1ny ig\u00e9nyl\u00e9se &#8211; t\u00e1j\u00e9koztat\u00f3<\/a><\/td><\/tr><tr><td class=\"has-text-align-center\" data-align=\"center\"><a href=\"http:\/\/dureriskola.hu\/bay\/wp-content\/uploads\/2026\/01\/Okoiskola-munkaterv2.pdf\" data-type=\"link\" data-id=\"http:\/\/dureriskola.hu\/bay\/wp-content\/uploads\/2026\/01\/Okoiskola-munkaterv2.pdf\">\u00d6koiskola munkaterv 2025-2026<\/a><\/td><\/tr><\/tbody><\/table><\/figure>\n<\/div>\n<\/div>\n<\/div><\/div>\n<\/div>\n<\/div>\n<\/div><\/div>\n<\/div><\/div>\n\n\n\n<p><\/p>\n\n\n\n<h2 class=\"wp-block-heading has-text-align-center\">Pedag\u00f3giai-szakmai ellen\u0151rz\u00e9s:<\/h2>\n\n\n\n<div class=\"wp-block-cover\" style=\"min-height:319px\"><span aria-hidden=\"true\" class=\"wp-block-cover__background has-background-dim\"><\/span><img decoding=\"async\" loading=\"lazy\" width=\"2560\" height=\"1707\" class=\"wp-block-cover__image-background wp-image-5987\" alt=\"\" src=\"http:\/\/dureriskola.hu\/bay\/wp-content\/uploads\/2024\/10\/5532808-scaled.jpg\" data-object-fit=\"cover\" srcset=\"https:\/\/dureriskola.hu\/bay\/wp-content\/uploads\/2024\/10\/5532808-scaled.jpg 2560w, https:\/\/dureriskola.hu\/bay\/wp-content\/uploads\/2024\/10\/5532808-300x200.jpg 300w, https:\/\/dureriskola.hu\/bay\/wp-content\/uploads\/2024\/10\/5532808-1024x683.jpg 1024w, https:\/\/dureriskola.hu\/bay\/wp-content\/uploads\/2024\/10\/5532808-768x512.jpg 768w, https:\/\/dureriskola.hu\/bay\/wp-content\/uploads\/2024\/10\/5532808-1536x1024.jpg 1536w, https:\/\/dureriskola.hu\/bay\/wp-content\/uploads\/2024\/10\/5532808-2048x1365.jpg 2048w\" sizes=\"(max-width: 2560px) 100vw, 2560px\" \/><div class=\"wp-block-cover__inner-container is-layout-flow wp-block-cover-is-layout-flow\">\n<div class=\"wp-block-group is-layout-constrained wp-block-group-is-layout-constrained\"><div class=\"wp-block-group__inner-container\">\n<figure class=\"wp-block-table\"><table><tbody><tr><td><a href=\"https:\/\/dureriskola.hu\/durer\/doksik\/2023\/ped_szakm_ell\/intezmeny_2018_int_terv.PDF\">Tanfel\u00fcgyelet Int\u00e9zm\u00e9ny 2018. Int\u00e9zked\u00e9si terv<\/a><\/td><td><a href=\"https:\/\/dureriskola.hu\/durer\/doksik\/2023\/ped_szakm_ell\/intezmeny_2018_ertekeles.PDF\">Tanfel\u00fcgyelet Int\u00e9zm\u00e9ny 2018. 05. 31. \u00c9rt\u00e9kel\u00e9s<\/a><\/td><\/tr><tr><td><a href=\"https:\/\/dureriskola.hu\/durer\/doksik\/2023\/ped_szakm_ell\/vezetoi_2018_int_terv.PDF\">Tanfel\u00fcgyelet Vezet\u0151i 2018. Int\u00e9zked\u00e9si terv<\/a><\/td><td><a href=\"https:\/\/dureriskola.hu\/durer\/doksik\/2023\/ped_szakm_ell\/vezeto_2018_ertekeles.PDF\">Tanfel\u00fcgyelet Vezet\u0151i 2018. 04. 26. \u00c9rt\u00e9kel\u00e9s<\/a><\/td><\/tr><tr><td><a href=\"https:\/\/dureriskola.hu\/durer\/doksik\/2023\/ped_szakm_ell\/2023\/tanf_vez_fejl_2023.pdf\">Tanfel\u00fcgyelet &#8211; Vezet\u0151i &nbsp;2023.03.03. Fejleszt\u00e9si terv<\/a><\/td><td><a href=\"https:\/\/dureriskola.hu\/durer\/doksik\/2023\/ped_szakm_ell\/2023\/tanf_vez_ertek_2023.pdf\">Tanfel\u00fcgyelet &#8211; Vezet\u0151i 2023.03.03. \u00c9rt\u00e9kel\u00e9s<\/a><\/td><\/tr><tr><td><a href=\"https:\/\/dureriskola.hu\/durer\/doksik\/2023\/ped_szakm_ell\/2023\/tanf_int_ertek_2023.PDF\">Tanfel\u00fcgyelet &#8211; Int\u00e9zm\u00e9nyi 2023.03.28. \u00c9rt\u00e9kel\u00e9s<\/a><\/td><td><a href=\"https:\/\/dureriskola.hu\/durer\/doksik\/2023\/ped_szakm_ell\/2023\/tanf_int_intezt_2023.pdf\">Tanfel\u00fcgyelet &#8211; Int\u00e9zm\u00e9nyi 2023.03.28. Int\u00e9zked\u00e9si terv<\/a><\/td><\/tr><\/tbody><\/table><\/figure>\n<\/div><\/div>\n<\/div><\/div>\n\n\n\n<p><\/p>\n\n\n\n<h2 class=\"wp-block-heading has-text-align-center\">Besz\u00e1mol\u00f3k:<\/h2>\n\n\n\n<div class=\"wp-block-cover\" style=\"min-height:450px\"><span aria-hidden=\"true\" class=\"wp-block-cover__background has-background-dim\"><\/span><img decoding=\"async\" loading=\"lazy\" width=\"2560\" height=\"1707\" class=\"wp-block-cover__image-background wp-image-5987\" alt=\"\" src=\"http:\/\/dureriskola.hu\/bay\/wp-content\/uploads\/2024\/10\/5532808-scaled.jpg\" data-object-fit=\"cover\" srcset=\"https:\/\/dureriskola.hu\/bay\/wp-content\/uploads\/2024\/10\/5532808-scaled.jpg 2560w, https:\/\/dureriskola.hu\/bay\/wp-content\/uploads\/2024\/10\/5532808-300x200.jpg 300w, https:\/\/dureriskola.hu\/bay\/wp-content\/uploads\/2024\/10\/5532808-1024x683.jpg 1024w, https:\/\/dureriskola.hu\/bay\/wp-content\/uploads\/2024\/10\/5532808-768x512.jpg 768w, https:\/\/dureriskola.hu\/bay\/wp-content\/uploads\/2024\/10\/5532808-1536x1024.jpg 1536w, https:\/\/dureriskola.hu\/bay\/wp-content\/uploads\/2024\/10\/5532808-2048x1365.jpg 2048w\" sizes=\"(max-width: 2560px) 100vw, 2560px\" \/><div class=\"wp-block-cover__inner-container is-layout-flow wp-block-cover-is-layout-flow\">\n<div class=\"wp-block-group is-layout-constrained wp-block-group-is-layout-constrained\"><div class=\"wp-block-group__inner-container\">\n<div class=\"wp-block-columns is-layout-flex wp-container-14 wp-block-columns-is-layout-flex\">\n<div class=\"wp-block-column is-layout-flow wp-block-column-is-layout-flow\" style=\"flex-basis:100%\">\n<div class=\"wp-block-group is-layout-constrained wp-block-group-is-layout-constrained\"><div class=\"wp-block-group__inner-container\">\n<div class=\"wp-block-columns is-layout-flex wp-container-11 wp-block-columns-is-layout-flex\">\n<div class=\"wp-block-column is-layout-flow wp-block-column-is-layout-flow\" style=\"flex-basis:100%\">\n<figure class=\"wp-block-table aligncenter\"><table><tbody><tr><td class=\"has-text-align-center\" data-align=\"center\"><a href=\"https:\/\/dureriskola.hu\/bay\/wp-content\/uploads\/2024\/11\/helyi_tt_2024.pdf\">A Gyulai D\u00fcrer Albert \u00c1ltal\u00e1nos Iskola helyi tanterve 2025.<\/a><\/td><\/tr><tr><td class=\"has-text-align-center\" data-align=\"center\"><a href=\"https:\/\/dureriskola.hu\/durer\/doksik\/2026\/munkaterv_25_26.pdf\">Munkaterv 2025 &#8211; 2026<\/a><\/td><\/tr><tr><td class=\"has-text-align-center\" data-align=\"center\"><a href=\"https:\/\/dureriskola.hu\/durer\/doksik\/2026\/ped_program_25_26.pdf\">A Gyulai D\u00fcrer Albert \u00c1ltal\u00e1nos Iskola pedag\u00f3giai programja 2025<\/a><\/td><\/tr><tr><td class=\"has-text-align-center\" data-align=\"center\"><a href=\"https:\/\/dureriskola.hu\/durer\/doksik\/2026\/szmsz_25_26.pdf\">A Gyulai D\u00fcrer Albert \u00c1ltal\u00e1nos Iskola szervezeti \u00e9s m\u0171k\u00f6d\u00e9si szab\u00e1lyzata 2025<\/a><\/td><\/tr><tr><td class=\"has-text-align-center\" data-align=\"center\">Vezet\u0151i program<\/td><\/tr><tr><td class=\"has-text-align-center\" data-align=\"center\"><a href=\"https:\/\/dureriskola.hu\/durer\/doksik\/2026\/kozlista_25_26.pdf\">K\u00f6zz\u00e9t\u00e9teli lista 2025 &#8211; 2026<\/a><\/td><\/tr><tr><td class=\"has-text-align-center\" data-align=\"center\"><a href=\"https:\/\/dureriskola.hu\/durer\/doksik\/2021\/intezmenyi_etkeztetes_eljarasrend_vegleges.pdf\">Int\u00e9zm\u00e9nyi \u00e9tkeztet\u00e9s elj\u00e1r\u00e1srend_V\u00c9GLEGES<\/a><\/td><\/tr><tr><td class=\"has-text-align-center\" data-align=\"center\"><a href=\"https:\/\/dureriskola.hu\/bay\/wp-content\/uploads\/2022\/09\/Di%C3%A1kigazolv%C3%A1ny-ig%C3%A9nyl%C3%A9se_t%C3%A1j%C3%A9koztat%C3%B3.pdf\">Di\u00e1kigazolv\u00e1ny ig\u00e9nyl\u00e9se &#8211; t\u00e1j\u00e9koztat\u00f3<\/a><\/td><\/tr><tr><td class=\"has-text-align-center\" data-align=\"center\"><a href=\"http:\/\/dureriskola.hu\/bay\/wp-content\/uploads\/2026\/01\/Okoiskola-munkaterv2.pdf\" data-type=\"link\" data-id=\"http:\/\/dureriskola.hu\/bay\/wp-content\/uploads\/2026\/01\/Okoiskola-munkaterv2.pdf\">\u00d6koiskola munkaterv 2025-2026<\/a><\/td><\/tr><\/tbody><\/table><\/figure>\n<\/div>\n<\/div>\n<\/div><\/div>\n<\/div>\n<\/div>\n<\/div><\/div>\n<\/div><\/div>\n\n\n\n<p><\/p>\n\n\n\n<h2 class=\"wp-block-heading has-text-align-center\">Munkatervek:<\/h2>\n\n\n\n<div class=\"wp-block-cover\" style=\"min-height:450px\"><span aria-hidden=\"true\" class=\"wp-block-cover__background has-background-dim\"><\/span><img decoding=\"async\" loading=\"lazy\" width=\"2560\" height=\"1707\" class=\"wp-block-cover__image-background wp-image-5987\" alt=\"\" src=\"http:\/\/dureriskola.hu\/bay\/wp-content\/uploads\/2024\/10\/5532808-scaled.jpg\" data-object-fit=\"cover\" srcset=\"https:\/\/dureriskola.hu\/bay\/wp-content\/uploads\/2024\/10\/5532808-scaled.jpg 2560w, https:\/\/dureriskola.hu\/bay\/wp-content\/uploads\/2024\/10\/5532808-300x200.jpg 300w, https:\/\/dureriskola.hu\/bay\/wp-content\/uploads\/2024\/10\/5532808-1024x683.jpg 1024w, https:\/\/dureriskola.hu\/bay\/wp-content\/uploads\/2024\/10\/5532808-768x512.jpg 768w, https:\/\/dureriskola.hu\/bay\/wp-content\/uploads\/2024\/10\/5532808-1536x1024.jpg 1536w, https:\/\/dureriskola.hu\/bay\/wp-content\/uploads\/2024\/10\/5532808-2048x1365.jpg 2048w\" sizes=\"(max-width: 2560px) 100vw, 2560px\" \/><div class=\"wp-block-cover__inner-container is-layout-flow wp-block-cover-is-layout-flow\">\n<div class=\"wp-block-group is-layout-constrained wp-block-group-is-layout-constrained\"><div class=\"wp-block-group__inner-container\">\n<div class=\"wp-block-columns is-layout-flex wp-container-21 wp-block-columns-is-layout-flex\">\n<div class=\"wp-block-column is-layout-flow wp-block-column-is-layout-flow\" style=\"flex-basis:100%\">\n<div class=\"wp-block-group is-layout-constrained wp-block-group-is-layout-constrained\"><div class=\"wp-block-group__inner-container\">\n<div class=\"wp-block-columns is-layout-flex wp-container-18 wp-block-columns-is-layout-flex\">\n<div class=\"wp-block-column is-layout-flow wp-block-column-is-layout-flow\" style=\"flex-basis:100%\">\n<figure class=\"wp-block-table aligncenter\"><table><tbody><tr><td class=\"has-text-align-center\" data-align=\"center\"><a href=\"http:\/\/dureriskola.hu\/bay\/wp-content\/uploads\/2026\/01\/BAY_SZMK.pdf\" data-type=\"link\" data-id=\"http:\/\/dureriskola.hu\/bay\/wp-content\/uploads\/2026\/01\/BAY_SZMK.pdf\">Sz\u00fcl\u0151i munkak\u00f6z\u00f6ss\u00e9g<\/a><\/td><\/tr><tr><td class=\"has-text-align-center\" data-align=\"center\"><a href=\"http:\/\/dureriskola.hu\/bay\/wp-content\/uploads\/2026\/01\/Bay_Konyvtar.pdf\" data-type=\"link\" data-id=\"http:\/\/dureriskola.hu\/bay\/wp-content\/uploads\/2026\/01\/Bay_Konyvtar.pdf\">K\u00f6nyvt\u00e1r<\/a><\/td><\/tr><tr><td class=\"has-text-align-center\" data-align=\"center\"><a href=\"http:\/\/dureriskola.hu\/bay\/wp-content\/uploads\/2026\/01\/Bay_Koltsegterv_24-25.-tanev.pdf\" data-type=\"link\" data-id=\"http:\/\/dureriskola.hu\/bay\/wp-content\/uploads\/2026\/01\/Bay_Koltsegterv_24-25.-tanev.pdf\">K\u00f6lts\u00e9gterv<\/a><\/td><\/tr><tr><td class=\"has-text-align-center\" data-align=\"center\"><a href=\"http:\/\/dureriskola.hu\/bay\/wp-content\/uploads\/2026\/01\/Bay_EU-munkaterv.pdf\" data-type=\"link\" data-id=\"http:\/\/dureriskola.hu\/bay\/wp-content\/uploads\/2026\/01\/Bay_EU-munkaterv.pdf\">Iskola-eg\u00e9szs\u00e9g\u00fcgyi ell\u00e1t\u00e1s<\/a><\/td><\/tr><tr><td class=\"has-text-align-center\" data-align=\"center\"><a href=\"http:\/\/dureriskola.hu\/bay\/wp-content\/uploads\/2026\/01\/Bay_Esemenynaptar.pdf\" data-type=\"link\" data-id=\"http:\/\/dureriskola.hu\/bay\/wp-content\/uploads\/2026\/01\/Bay_Esemenynaptar.pdf\">Esem\u00e9nynapt\u00e1r<\/a><\/td><\/tr><tr><td class=\"has-text-align-center\" data-align=\"center\"><a href=\"http:\/\/dureriskola.hu\/bay\/wp-content\/uploads\/2026\/01\/Bay_DOK.pdf\" data-type=\"link\" data-id=\"http:\/\/dureriskola.hu\/bay\/wp-content\/uploads\/2026\/01\/Bay_DOK.pdf\">Di\u00e1k\u00f6nkorm\u00e1nyzat<\/a><\/td><\/tr><tr><td class=\"has-text-align-center\" data-align=\"center\"><a href=\"https:\/\/dureriskola.hu\/durer\/doksik\/2021\/intezmenyi_etkeztetes_eljarasrend_vegleges.pdf\">Als\u00f3 tagozatos munkak\u00f6z\u00f6ss\u00e9g<\/a><\/td><\/tr><\/tbody><\/table><\/figure>\n<\/div>\n<\/div>\n<\/div><\/div>\n<\/div>\n<\/div>\n<\/div><\/div>\n<\/div><\/div>\n","protected":false},"excerpt":{"rendered":"<p>Pedag\u00f3giai-szakmai ellen\u0151rz\u00e9s: Besz\u00e1mol\u00f3k: Munkatervek:<\/p>\n","protected":false},"author":1,"featured_media":0,"parent":0,"menu_order":0,"comment_status":"closed","ping_status":"closed","template":"","meta":{"footnotes":""},"_links":{"self":[{"href":"https:\/\/dureriskola.hu\/bay\/index.php?rest_route=\/wp\/v2\/pages\/76"}],"collection":[{"href":"https:\/\/dureriskola.hu\/bay\/index.php?rest_route=\/wp\/v2\/pages"}],"about":[{"href":"https:\/\/dureriskola.hu\/bay\/index.php?rest_route=\/wp\/v2\/types\/page"}],"author":[{"embeddable":true,"href":"https:\/\/dureriskola.hu\/bay\/index.php?rest_route=\/wp\/v2\/users\/1"}],"replies":[{"embeddable":true,"href":"https:\/\/dureriskola.hu\/bay\/index.php?rest_route=%2Fwp%2Fv2%2Fcomments&post=76"}],"version-history":[{"count":88,"href":"https:\/\/dureriskola.hu\/bay\/index.php?rest_route=\/wp\/v2\/pages\/76\/revisions"}],"predecessor-version":[{"id":6276,"href":"https:\/\/dureriskola.hu\/bay\/index.php?rest_route=\/wp\/v2\/pages\/76\/revisions\/6276"}],"wp:attachment":[{"href":"https:\/\/dureriskola.hu\/bay\/index.php?rest_route=%2Fwp%2Fv2%2Fmedia&parent=76"}],"curies":[{"name":"wp","href":"https:\/\/api.w.org\/{rel}","templated":true}]}}