{"id":6316,"date":"2026-09-01T09:33:56","date_gmt":"2026-09-01T08:33:56","guid":{"rendered":"https:\/\/dureriskola.hu\/bay\/?page_id=6316"},"modified":"2026-09-01T09:38:12","modified_gmt":"2026-09-01T08:38:12","slug":"iskola-egeszsegugyi-ellatas","status":"publish","type":"page","link":"https:\/\/dureriskola.hu\/bay\/?page_id=6316","title":{"rendered":"Iskola-eg\u00e9szs\u00e9g\u00fcgyi ell\u00e1t\u00e1s"},"content":{"rendered":"<div class=\"fcbkbttn_buttons_block\" id=\"fcbkbttn_left\"><div class=\"fcbkbttn_button\">\n                            <a href=\"https:\/\/www.facebook.com\/\" target=\"_blank\">\n                                <img src=\"https:\/\/dureriskola.hu\/bay\/wp-content\/plugins\/facebook-button-plugin\/images\/standard-facebook-ico.png\" alt=\"Fb-Button\" \/>\n                            <\/a>\n                        <\/div><div class=\"fcbkbttn_like \"><fb:like href=\"https:\/\/dureriskola.hu\/bay\/?page_id=6316\" action=\"like\" colorscheme=\"dark\" layout=\"standard\" show-faces='false' width=\"225px\" size=\"small\"><\/fb:like><\/div><\/div>\n<p><\/p>\n\n\n\n<p class=\"has-text-align-center\"><strong>Iskolaorvos<\/strong>: Dr. K\u00fczdi \u00c1gnes<\/p>\n\n\n\n<p class=\"has-text-align-center\"><strong>Testnevel\u00e9si felment\u00e9s, tan\u00e1csad\u00e1s<\/strong>: kedd 13:00-15:00<\/p>\n\n\n\n<p class=\"has-text-align-center\">06-66-466-990<\/p>\n\n\n\n<p class=\"has-text-align-center\">kuzdi.agnes@eualapgyula.hu<\/p>\n\n\n\n<hr class=\"wp-block-separator has-alpha-channel-opacity\"\/>\n\n\n\n<p class=\"has-text-align-center\"><strong>Iskolav\u00e9d\u0151n\u0151<\/strong>: Fenyvesi \u00c9va<\/p>\n\n\n\n<p class=\"has-text-align-center\"><strong>Tan\u00e1csad\u00e1s<\/strong>: cs\u00fct\u00f6rt\u00f6k 14:00-16:00<\/p>\n\n\n\n<p class=\"has-text-align-center\">06-66-466-990<\/p>\n\n\n\n<p class=\"has-text-align-center\">fenyvesine.eva@eualapgyula.hu<\/p>\n","protected":false},"excerpt":{"rendered":"<p>Iskolaorvos: Dr. K\u00fczdi \u00c1gnes Testnevel\u00e9si felment\u00e9s, tan\u00e1csad\u00e1s: kedd 13:00-15:00 06-66-466-990 kuzdi.agnes@eualapgyula.hu Iskolav\u00e9d\u0151n\u0151: Fenyvesi \u00c9va Tan\u00e1csad\u00e1s: cs\u00fct\u00f6rt\u00f6k 14:00-16:00 06-66-466-990 fenyvesine.eva@eualapgyula.hu<\/p>\n","protected":false},"author":1,"featured_media":0,"parent":0,"menu_order":0,"comment_status":"closed","ping_status":"closed","template":"","meta":{"footnotes":""},"_links":{"self":[{"href":"https:\/\/dureriskola.hu\/bay\/index.php?rest_route=\/wp\/v2\/pages\/6316"}],"collection":[{"href":"https:\/\/dureriskola.hu\/bay\/index.php?rest_route=\/wp\/v2\/pages"}],"about":[{"href":"https:\/\/dureriskola.hu\/bay\/index.php?rest_route=\/wp\/v2\/types\/page"}],"author":[{"embeddable":true,"href":"https:\/\/dureriskola.hu\/bay\/index.php?rest_route=\/wp\/v2\/users\/1"}],"replies":[{"embeddable":true,"href":"https:\/\/dureriskola.hu\/bay\/index.php?rest_route=%2Fwp%2Fv2%2Fcomments&post=6316"}],"version-history":[{"count":4,"href":"https:\/\/dureriskola.hu\/bay\/index.php?rest_route=\/wp\/v2\/pages\/6316\/revisions"}],"predecessor-version":[{"id":6323,"href":"https:\/\/dureriskola.hu\/bay\/index.php?rest_route=\/wp\/v2\/pages\/6316\/revisions\/6323"}],"wp:attachment":[{"href":"https:\/\/dureriskola.hu\/bay\/index.php?rest_route=%2Fwp%2Fv2%2Fmedia&parent=6316"}],"curies":[{"name":"wp","href":"https:\/\/api.w.org\/{rel}","templated":true}]}}